{"id":528,"date":"2023-10-25T17:48:33","date_gmt":"2023-10-25T17:48:33","guid":{"rendered":"https:\/\/anthroposcolombia.com\/?page_id=528"},"modified":"2023-10-25T17:53:01","modified_gmt":"2023-10-25T17:53:01","slug":"programa-de-arqueologia-preventiva","status":"publish","type":"page","link":"https:\/\/anthroposcolombia.com\/index.php\/programa-de-arqueologia-preventiva\/","title":{"rendered":"Programa de Arqueolog\u00eda Preventiva"},"content":{"rendered":"\t\t<div data-elementor-type=\"wp-page\" data-elementor-id=\"528\" class=\"elementor elementor-528\" data-elementor-settings=\"{&quot;ha_cmc_init_switcher&quot;:&quot;no&quot;}\" data-elementor-post-type=\"page\">\n\t\t\t\t<div class=\"elementor-element elementor-element-427d2483 e-con-full e-flex e-con e-parent\" data-id=\"427d2483\" data-element_type=\"container\" data-settings=\"{&quot;_ha_eqh_enable&quot;:false}\">\n\t\t\t\t<div class=\"elementor-element elementor-element-369e3e82 elementor-widget elementor-widget-image\" data-id=\"369e3e82\" data-element_type=\"widget\" data-widget_type=\"image.default\">\n\t\t\t\t<div class=\"elementor-widget-container\">\n\t\t\t\t\t\t\t\t\t\t\t\t\t\t\t<img decoding=\"async\" src=\"https:\/\/anthroposcolombia.com\/wp-content\/uploads\/elementor\/thumbs\/OpusStudio_5769-1-rbihtutzvyxdh9t1an481dkq5fhapy1pgqbb8bu81s.jpg\" title=\"OpusStudio_5769\" alt=\"OpusStudio_5769\" loading=\"lazy\" \/>\t\t\t\t\t\t\t\t\t\t\t\t\t\t\t<\/div>\n\t\t\t\t<\/div>\n\t\t\t\t<\/div>\n\t\t<div class=\"elementor-element elementor-element-2063a10c e-flex e-con-boxed e-con e-parent\" data-id=\"2063a10c\" data-element_type=\"container\" data-settings=\"{&quot;background_background&quot;:&quot;video&quot;,&quot;_ha_eqh_enable&quot;:false}\">\n\t\t\t\t\t<div class=\"e-con-inner\">\n\t\t\t\t<div class=\"elementor-element elementor-element-7c4e9d26 elementor-widget elementor-widget-heading\" data-id=\"7c4e9d26\" data-element_type=\"widget\" data-widget_type=\"heading.default\">\n\t\t\t\t<div class=\"elementor-widget-container\">\n\t\t\t\t\t<h2 class=\"elementor-heading-title elementor-size-default\">Programa de Arqueolog\u00eda Preventiva<\/h2>\t\t\t\t<\/div>\n\t\t\t\t<\/div>\n\t\t\t\t\t<\/div>\n\t\t\t\t<\/div>\n\t\t<div class=\"elementor-element elementor-element-2e22f58 e-con-full e-flex e-con e-parent\" data-id=\"2e22f58\" data-element_type=\"container\" data-settings=\"{&quot;_ha_eqh_enable&quot;:false}\">\n\t\t<div class=\"elementor-element elementor-element-6ec129e6 e-con-full e-flex e-con e-child\" data-id=\"6ec129e6\" data-element_type=\"container\" data-settings=\"{&quot;_ha_eqh_enable&quot;:false}\">\n\t\t\t\t<div class=\"elementor-element elementor-element-270217b3 elementor-widget elementor-widget-text-editor\" data-id=\"270217b3\" data-element_type=\"widget\" data-widget_type=\"text-editor.default\">\n\t\t\t\t<div class=\"elementor-widget-container\">\n\t\t\t\t\t\t\t\t\t<div data-pm-slice=\"1 1 []\" data-en-clipboard=\"true\"><b>\u00bfQu\u00e9 Ofrecemos?<\/b><\/div><div>\u00a0<\/div><div>Identificamos el potencial arqueol\u00f3gico de tu proyecto, garantizando que cumple con las normas vigentes. Esto previene sanciones y asegura un flujo de trabajo sin contratiempos.<\/div><div>\u00a0<\/div><div><b>Nuestro Compromiso<\/b><\/div><div>\u00a0<\/div><div>Con precios competitivos y una s\u00f3lida trayectoria en proyectos de diversa envergadura, te ofrecemos un servicio integral, adaptado a tus plazos, lo que significa que tu empresa se beneficiar\u00e1 con eficiencia y ahorro de costos.<\/div>\t\t\t\t\t\t\t\t<\/div>\n\t\t\t\t<\/div>\n\t\t\t\t<div class=\"elementor-element elementor-element-3a2b306c elementor-blockquote--skin-border elementor-blockquote--button-color-official elementor-widget elementor-widget-blockquote\" data-id=\"3a2b306c\" data-element_type=\"widget\" data-widget_type=\"blockquote.default\">\n\t\t\t\t<div class=\"elementor-widget-container\">\n\t\t\t\t\t\t\t<blockquote class=\"elementor-blockquote\">\n\t\t\t<p class=\"elementor-blockquote__content\">\n\t\t\t\tNos ajustamos a la legislaci\u00f3n colombiana para preservar el patrimonio arqueol\u00f3gico, cultural e hist\u00f3rico del pa\u00eds. Asesoramos a organizaciones en construcci\u00f3n, miner\u00eda, hidrocarburos e infraestructura para prevenir cualquier impacto negativo en yacimientos arqueol\u00f3gicos\t\t\t<\/p>\n\t\t\t\t\t<\/blockquote>\n\t\t\t\t\t\t<\/div>\n\t\t\t\t<\/div>\n\t\t\t\t<div class=\"elementor-element elementor-element-44e3a6e1 elementor-widget elementor-widget-text-editor\" data-id=\"44e3a6e1\" data-element_type=\"widget\" data-widget_type=\"text-editor.default\">\n\t\t\t\t<div class=\"elementor-widget-container\">\n\t\t\t\t\t\t\t\t\t<div data-pm-slice=\"1 1 []\" data-en-clipboard=\"true\"><b>Simplificamos el Proceso<\/b><\/div><div>\u00a0<\/div><div>Nos encargamos de los tr\u00e1mites de autorizaci\u00f3n con el Instituto Colombiano de Antropolog\u00eda e Historia (ICANH), la autoridad nacional en la materia.<\/div><div>\u00a0<\/div><div>Protege el pasado mientras avanzas hacia el futuro con confianza. Cont\u00e1ctanos hoy para conocer c\u00f3mo podemos fortalecer tu proyecto.<\/div>\t\t\t\t\t\t\t\t<\/div>\n\t\t\t\t<\/div>\n\t\t\t\t<\/div>\n\t\t<div class=\"elementor-element elementor-element-7b89492d e-con-full e-flex e-con e-child\" data-id=\"7b89492d\" data-element_type=\"container\" data-settings=\"{&quot;_ha_eqh_enable&quot;:false}\">\n\t\t\t\t<div class=\"elementor-element elementor-element-1d65cfab elementor-widget elementor-widget-posts\" data-id=\"1d65cfab\" data-element_type=\"widget\" data-settings=\"{&quot;full_content_row_gap&quot;:{&quot;unit&quot;:&quot;px&quot;,&quot;size&quot;:35,&quot;sizes&quot;:[]}}\" data-widget_type=\"posts.full_content\">\n\t\t\t\t<div class=\"elementor-widget-container\">\n\t\t\t\t\t\t\t<div class=\"elementor-posts-container elementor-posts elementor-posts--skin-full_content elementor-grid\">\n\t\t\t\t<article class=\"elementor-post elementor-grid-item post-1764 post type-post status-publish format-standard has-post-thumbnail hentry category-blog\">\n\t\t\t\t<div class=\"elementor-post__text\">\n\t\t\t\t<h3 class=\"elementor-post__title\">\n\t\t\t<a href=\"https:\/\/anthroposcolombia.com\/index.php\/2023\/12\/15\/el-filosofo-griego-platon-fue-uno-de-los-pensadores-mas-influyentes-de-la-filosofia-occidental\/\" >\n\t\t\t\tEl fil\u00f3sofo griego Plat\u00f3n fue uno de los pensadores m\u00e1s influyentes de la filosof\u00eda occidental.\t\t\t<\/a>\n\t\t<\/h3>\n\t\t\t\t<div class=\"elementor-post__meta-data\">\n\t\t\t\t\t<span class=\"elementor-post-date\">\n\t\t\tDecember 15, 2023\t\t<\/span>\n\t\t\t\t<span class=\"elementor-post-avatar\">\n\t\t\t11 Comments\t\t<\/span>\n\t\t\t\t<\/div>\n\t\t\n<blockquote class=\"wp-block-quote is-layout-flow wp-block-quote-is-layout-flow\">\n<p><\/p>\n<cite><strong>Todos tienen un papel que desempe\u00f1ar en la ciudad plat\u00f3nica -desde los esclavos hasta los hombres libres- pero para que una sociedad funcione, sus estructuras tienen que ser jer\u00e1rquicas y en la cima de todo siempre habr\u00e1 un l\u00edder.<\/strong><\/cite><\/blockquote>\n\n\n\n<p>Plat\u00f3n (428 a.C- 347 a.C.), fil\u00f3sofo griego y uno de los pensadores m\u00e1s creativos e influyentes de la filosof\u00eda occidental, era conocido por sus escritos pol\u00edticos y morales&#8230; y por ser un cr\u00edtico ac\u00e9rrimo de las instituciones democr\u00e1ticas.<\/p>\n\n\n\n<p>El Estado ideal, seg\u00fan Plat\u00f3n, se compone de tres clases. La estructura econ\u00f3mica reposa en la clase de los comerciantes. La seguridad, en los soldados. Y&nbsp;<strong>el liderazgo pol\u00edtico debe ser asumido por los fil\u00f3sofos-reyes.<\/strong><\/p>\n\n\n\n<p>Son estos \u00faltimos quienes han cultivado tanto la mente que son capaces de entender las ideas y, por lo tanto,<strong>\u00a0toman las decisiones m\u00e1s sabias, al contrario de la masa.<\/strong><\/p>\n\n\n\n<blockquote class=\"wp-block-quote is-layout-flow wp-block-quote-is-layout-flow\">\n<p><\/p>\n<cite>\u201cTienen la capacidad racional y tambi\u00e9n, en opini\u00f3n de Plat\u00f3n, tienen mucha\u00a0<strong>experiencia y formaci\u00f3n para lidiar con las cosas duras y complejas<\/strong>\u00a0que suceden en el mundo. Piensa que estas son las personas m\u00e1s valiosas para el poder pol\u00edtico\u201d, dice a BBC Mundo Sara Monoson, catedr\u00e1tica y profesora de Pensamiento Cl\u00e1sico en la Universidad de Northwestern.<\/cite><\/blockquote>\n\n\n\n<p><strong>Seg\u00fan la visi\u00f3n plat\u00f3nica, a los fil\u00f3sofos-reyes no les interesa el poder por s\u00ed mismo<\/strong>&nbsp;-son honestos y serios- por eso se convierten en el estamento m\u00e1s confiable cuando se trata de esquivar los atractivos de la corrupci\u00f3n y eso hace que se les pueda confiar el mando.<\/p>\n\n\n\n<p>Pensar esto en Atenas, la cuna de la democracia (<em>d\u00eamos<\/em>&nbsp;&#8220;pueblo&#8221; y&nbsp;<em>krate\u00een<\/em>&nbsp;&#8220;gobernar&#8221;) no estaba exento de pol\u00e9mica, pero como explica Monoson, Plat\u00f3n estaba particularmente preocupado por lo que consideraba la peligrosidad de la masa desinformada.<\/p>\n\n\n\n<p>Para el fil\u00f3sofo, \u201csin educaci\u00f3n filos\u00f3fica, los ciudadanos son vulnerables a ser utilizados y&nbsp;<strong>manipulados por astutos demagogos<\/strong>\u201d, dice la acad\u00e9mica y a\u00f1ade:<\/p>\n\n\n\n<p>\u201cTanto es as\u00ed que Plat\u00f3n pensaba que<strong>\u00a0los tiranos surgen de la masa.<\/strong>\u00a0Es alguien que convence al resto de que tiene la soluci\u00f3n a los problemas, pero que en el fondo, tan pronto como se afianza en el poder, se vuelve totalmente abusivo&#8221;.<\/p>\n\n\n\n<p>En este contexto Plat\u00f3n se vuelve cr\u00edtico con la democracia, dice Monoson, porque pensaba que era&nbsp;<strong>un sistema que no pod\u00eda proteger a la gente<\/strong>.<\/p>\n\n\n\n<p>Por eso, para evitar estos peligros y ser una sociedad arm\u00f3nica, se necesitan, seg\u00fan Plat\u00f3n, dos cosas, como explica Miquel Solans Blasco, doctor y profesor en la Facultad de Filosof\u00eda y Letras de la Universidad de Navarra:<\/p>\n\n\n\n<p>\u201cUno, una buena educaci\u00f3n y dos, obviamente, buenos gobernantes\u201d.<\/p>\n\n\n\n<h2 class=\"wp-block-heading\" id=\"1-Educaci\u00f3n\">1. Educaci\u00f3n<\/h2>\n\n\n\n<p>Para Plat\u00f3n&nbsp;<strong>la clase social de una persona viene determinada por la educaci\u00f3n<\/strong>, que empieza en el nacimiento y contin\u00faa hasta que esa persona ha alcanzado el m\u00e1ximo grado de educaci\u00f3n compatible con sus intereses y habilidades.<\/p>\n\n\n\n<p>Son aquellos que completan todo el proceso educativo los que se sit\u00faan&nbsp;<strong>en lo alto de la pir\u00e1mide jer\u00e1rquica, que seg\u00fan \u00e9l debe tener una sociedad.<\/strong><\/p>\n\n\n\n<p>\u201cPor buena educaci\u00f3n, yo creo que \u00e9l entiende una educaci\u00f3n de tipo humanista. Es decir, lo que busca es fomentar en los alumnos o en los ciudadanos en su etapa joven la capacidad de pensar, de valorar el saber por s\u00ed mismo y no como algo instrumental.\u00a0<strong>El saber tiene un valor comunitario que se basa en la capacidad de reflexionar cr\u00edticamente<\/strong>\u201d, dice Solans.<\/p>\n\n\n\n<figure class=\"wp-block-image size-full\"><img fetchpriority=\"high\" fetchpriority=\"high\" decoding=\"async\" width=\"800\" height=\"450\" src=\"https:\/\/anthroposcolombia.com\/wp-content\/uploads\/2023\/12\/823103c0-7fe6-11ee-ad76-d7048b0b84b2.jpg\" alt=\"\" class=\"wp-image-1765\" srcset=\"https:\/\/anthroposcolombia.com\/wp-content\/uploads\/2023\/12\/823103c0-7fe6-11ee-ad76-d7048b0b84b2.jpg 800w, https:\/\/anthroposcolombia.com\/wp-content\/uploads\/2023\/12\/823103c0-7fe6-11ee-ad76-d7048b0b84b2-300x169.jpg 300w, https:\/\/anthroposcolombia.com\/wp-content\/uploads\/2023\/12\/823103c0-7fe6-11ee-ad76-d7048b0b84b2-768x432.jpg 768w\" sizes=\"(max-width: 800px) 100vw, 800px\" \/><\/figure>\n\n\n\n<p>En el a\u00f1o 387 a.C. Plat\u00f3n fund\u00f3 en Atenas la Academia, instituci\u00f3n a menudo considerada como la primera universidad europea.<\/p>\n\n\n\n<p>Ofrec\u00eda un amplio plan de estudios, que inclu\u00eda materias como Astronom\u00eda, Biolog\u00eda, Matem\u00e1ticas, Teor\u00eda Pol\u00edtica y Filosof\u00eda.<strong>&nbsp;Arist\u00f3teles fue su alumno m\u00e1s destacado.<\/strong><\/p>\n\n\n\n<p>En realidad, el sistema educacional ideal de Plat\u00f3n est\u00e1, ante todo, estructurado para&nbsp;<strong>producir fil\u00f3sofos-reyes.<\/strong><\/p>\n\n\n\n<h2 class=\"wp-block-heading\" id=\"2-Gobernantes-\">2. Gobernantes<\/h2>\n\n\n\n<p>La otra cosa que necesita una sociedad para ser exitosa son buenos gobernantes.<\/p>\n\n\n\n<p>Aborda esta tem\u00e1tica en su libro m\u00e1s famoso de Plat\u00f3n, \u201cRep\u00fablica\u201d, y tambi\u00e9n&nbsp;<strong>en su obra Gorgias,<\/strong>&nbsp;el m\u00e1s moderno de sus di\u00e1logos.<\/p>\n\n\n\n<p>\u201cUna sociedad para ser exitosa tiene que tener buenos gobernantes:&nbsp;<strong>capaces de deliberar, de buscar el bien com\u00fan, de encontrar proyectos integradores<\/strong>, de superar las diferencias que aparecen en la sociedad\u201d, afirma el profesor de la Universidad de Navarra.<\/p>\n\n\n\n<p>Los gobernantes tienen que ser capaces de promover propuestas y un clima pol\u00edtico con el que se puedan&nbsp;<strong>reconocer el mayor n\u00famero posible de ciudadanos.<\/strong><\/p>\n\n\n\n<p>\u201cSon responsables tambi\u00e9n de generar las condiciones para que haya&nbsp;<strong>un di\u00e1logo fruct\u00edfero&nbsp;<\/strong>entre partes que piensan distintas\u201d, dice Solans.<\/p>\n\n\n\n<p>Plat\u00f3n rescata ideales pol\u00edticos muy valiosos, que tienen que ver con la capacidad del di\u00e1logo cooperativo y con la calidad moral de sus gobernantes.<\/p>\n\n\n\n<p>\u201cTiene que realizar discursos p\u00fablicos que apelen a la raz\u00f3n o a la capacidad racional de los ciudadanos,&nbsp;<strong>que no los traten ni con condescendencia ni con un mero inter\u00e9s de halagar.<\/strong>&nbsp;Dar razones, interpelar a los ciudadanos, ser capaz de escuchar la respuesta.<\/p>\n\n\n\n<p>\u201cY en este sentido, el buen gobernante tiene que generar un espacio de di\u00e1logo libre en el que sea posible la cr\u00edtica y el enriquecimiento mutuo\u201d, cuenta Solans.<\/p>\n\n\n\n<p>Para Plat\u00f3n, la actividad pol\u00edtica no se puede realizar m\u00e1s que dentro del \u00e1mbito de la moral.<\/p>\n\n\n\n<p>&#8220;\u00c9l est\u00e1 diciendo que en una ciudad ideal tendr\u00edas un proceso educativo que producir\u00eda seres humanos con cualidades filos\u00f3ficas que los har\u00eda dignos de confianza. Y por lo tanto podr\u00edas tener&nbsp;<strong>una autoridad pol\u00edtica que usar\u00eda todos los recursos de la comunidad para construir esa felicidad&nbsp;<\/strong>y poner bien en el mundo por delante&#8221;, dice Monoson.<\/p>\n\n\n\n<h2 class=\"wp-block-heading\" id=\"C\u00f3mo-se-aplica-esto-en-la-actualidad\">\u00bfC\u00f3mo se aplica esto en la actualidad?<\/h2>\n\n\n\n<p>Para el profesor de la Universidad de Navarra, la educaci\u00f3n hoy d\u00eda est\u00e1 en crisis.<\/p>\n\n\n\n<p>\u201cSobre todo a nivel de qu\u00e9 significa o qu\u00e9 sentido tiene educar. Le damos una visi\u00f3n instrumental.<strong>&nbsp;Parece que educarnos significa prepararnos para las necesidades del mercado<\/strong>. Y creo que Plat\u00f3n reaccionar\u00eda a eso con un no rotundo. La educaci\u00f3n nos tiene que preparar para las verdaderas necesidades humanas y c\u00edvicas, es decir, para vivir en comunidad\u201d, dice.<\/p>\n\n\n\n<p>Para \u00e9l, Plat\u00f3n apoyar\u00eda esa idea de que&nbsp;<strong>la educaci\u00f3n no puede tener un valor instrumental.<\/strong><\/p>\n\n\n\n<p>\u201cLa educaci\u00f3n debe perseguir un fin m\u00e1s amplio, m\u00e1s integrador, que es la necesidad humana de desarrollar la propia sensibilidad, la propia racionalidad y\u00a0<strong>la capacidad de convivir con otros<\/strong>\u201d.<\/p>\n\n\n\n<p>\u00bfY qu\u00e9 pasa con ese espacio de di\u00e1logo que debe crear un buen gobernante?<\/p>\n\n\n\n<p>\u201cCreo que muchas veces se habla de que uno persigue la justicia, el bien com\u00fan, pero a la hora de defender esas&nbsp;<strong>ideas que uno interpreta como justas y como buenas para el bien com\u00fan<\/strong>, las defiende atacando al oponente, caricaturiz\u00e1ndolo, no escuchando cu\u00e1les son sus intereses leg\u00edtimos, no d\u00e1ndole voz&#8221;, dice Solans.<\/p>\n\n\n\n<p>En este mundo polarizado donde todo el mundo tiene una opini\u00f3n, Plat\u00f3n tambi\u00e9n tendr\u00eda algo que decir, seg\u00fan el profesor:<\/p>\n\n\n\n<p>\u201cNos esforzamos todos por construir un mundo justo, pero justo muchas veces significa&nbsp;<strong>justo seg\u00fan mis ideas concretas, seg\u00fan mi grupo de opini\u00f3n\u201d.<\/strong><\/p>\n\n\n\n<p>A juicio de Solans, aunque el mismo Plat\u00f3n reconoce que su ideal nunca fue plenamente realizado,&nbsp;<strong>\u201cs\u00ed podemos ir gradualmente a la sociedad perfecta,&nbsp;<\/strong>sabiendo que nunca llegaremos a tenerla por completo. Porque somos seres imperfectos\u201d.<\/p>\n\n\n\n<p>Cristina J. Orgaz<br>Role,BBC News Mundo<\/p>\n\t\t<\/div>\n\t\t\t\t<\/article>\n\t\t\t\t<article class=\"elementor-post elementor-grid-item post-1755 post type-post status-publish format-standard has-post-thumbnail hentry category-blog\">\n\t\t\t\t<div class=\"elementor-post__text\">\n\t\t\t\t<h3 class=\"elementor-post__title\">\n\t\t\t<a href=\"https:\/\/anthroposcolombia.com\/index.php\/2023\/12\/12\/el-viaje-del-codice-tlaquiltenango-el-ultimo-tesoro-recuperado-de-mexico\/\" >\n\t\t\t\tEl viaje del \u2018C\u00f3dice Tlaquiltenango\u2019, el \u00faltimo tesoro recuperado de M\u00e9xico\t\t\t<\/a>\n\t\t<\/h3>\n\t\t\t\t<div class=\"elementor-post__meta-data\">\n\t\t\t\t\t<span class=\"elementor-post-date\">\n\t\t\tDecember 12, 2023\t\t<\/span>\n\t\t\t\t<span class=\"elementor-post-avatar\">\n\t\t\t2 Comments\t\t<\/span>\n\t\t\t\t<\/div>\n\t\t\n<p>Espa\u00f1a devuelve a M\u00e9xico el documento pictogr\u00e1fico de la \u00e9poca virreinal que hab\u00eda sido subastado en 100.000 euros, casi dos millones de pesos<\/p>\n\n\n\n<p>Espa\u00f1a ha devuelto a M\u00e9xico un fragmento perdido del\u00a0<a href=\"https:\/\/elpais.com\/mexico\/2023-03-25\/vida-y-peripecias-del-viejo-herbario-de-los-aztecas.html\"><em>C\u00f3dice Tlaquiltenango<\/em><\/a>, un documento de gran valor arqueol\u00f3gico que fue subastado en la Casa Alabarte, en 2017, por 100.000 euros, casi dos millones de pesos. El pasado mes de noviembre, la justicia espa\u00f1ola dio la raz\u00f3n al Gobierno mexicano y orden\u00f3 la devoluci\u00f3n de la pieza a su pa\u00eds de origen. El documento fue retirado de la subastadora por la Guardia Civil a petici\u00f3n de la Canciller\u00eda mexicana, pero ha sido hasta ahora, seis a\u00f1os despu\u00e9s, que la entrega se ha hecho de manera oficial. <\/p>\n\n\n\n<p><a href=\"https:\/\/elpais.com\/autor\/almudena-barragan-gaspar\/#?rel=author_top\">ALMUDENA BARRAG\u00c1N<\/a><br>El Pais<\/p>\n\t\t<\/div>\n\t\t\t\t<\/article>\n\t\t\t\t<article class=\"elementor-post elementor-grid-item post-1719 post type-post status-publish format-standard has-post-thumbnail hentry category-blog\">\n\t\t\t\t<div class=\"elementor-post__text\">\n\t\t\t\t<h3 class=\"elementor-post__title\">\n\t\t\t<a href=\"https:\/\/anthroposcolombia.com\/index.php\/2023\/12\/12\/explorando-las-raices-un-enfoque-academico-en-arqueologia-y-antropologia-en-colombia\/\" >\n\t\t\t\tExplorando las Ra\u00edces: Un Enfoque Acad\u00e9mico en Arqueolog\u00eda y Antropolog\u00eda en Colombia\t\t\t<\/a>\n\t\t<\/h3>\n\t\t\t\t<div class=\"elementor-post__meta-data\">\n\t\t\t\t\t<span class=\"elementor-post-date\">\n\t\t\tDecember 12, 2023\t\t<\/span>\n\t\t\t\t<span class=\"elementor-post-avatar\">\n\t\t\tNo Comments\t\t<\/span>\n\t\t\t\t<\/div>\n\t\t<div class=\"elementor-post__content\"><style>.elementor-1719 .elementor-element.elementor-element-4f053420{--display:flex;--margin-top:0%;--margin-bottom:0%;--margin-left:4%;--margin-right:4%;--padding-top:0%;--padding-bottom:0%;--padding-left:0%;--padding-right:4%;}<\/style>\t\t<div data-elementor-type=\"wp-post\" data-elementor-id=\"1719\" class=\"elementor elementor-1719\" data-elementor-settings=\"{&quot;ha_cmc_init_switcher&quot;:&quot;no&quot;}\" data-elementor-post-type=\"post\">\n\t\t\t\t<div class=\"elementor-element elementor-element-4f053420 e-con-full e-flex e-con e-parent\" data-id=\"4f053420\" data-element_type=\"container\" data-settings=\"{&quot;_ha_eqh_enable&quot;:false}\">\n\t\t\t\t<div class=\"elementor-element elementor-element-77f7c14b elementor-widget elementor-widget-text-editor\" data-id=\"77f7c14b\" data-element_type=\"widget\" data-widget_type=\"text-editor.default\">\n\t\t\t\t<div class=\"elementor-widget-container\">\n\t\t\t\t\t\t\t\t\t\n<p>En la vasta y diversa geograf\u00eda de Colombia, cada capa de su historia est\u00e1 impregnada de fascinantes relatos que esperan ser descubiertos. En el coraz\u00f3n de esta b\u00fasqueda se encuentra nuestra Anthropos, comprometida no solo con desenterrar objetos olvidados, sino tambi\u00e9n con revelar las narrativas perdidas de las comunidades que han dado forma a este pa\u00eds.<\/p>\n\n\n\n<p><strong>Historia de la Arqueolog\u00eda y Antropolog\u00eda en Colombia:<\/strong><\/p>\n\n\n\n<p>Para comprender el presente, es imperativo sumergirse en el pasado. La arqueolog\u00eda y la antropolog\u00eda en Colombia tienen una historia rica y compleja que se entreteje con las m\u00faltiples capas de su diversidad cultural. Desde los misteriosos artefactos de la cultura San Agust\u00edn hasta los vestigios de las civilizaciones prehisp\u00e1nicas, cada excavaci\u00f3n es un paso hacia la comprensi\u00f3n de las ra\u00edces de nuestra identidad.<\/p>\n\n\n\n<p><strong>M\u00e9todos y T\u00e9cnicas Utilizados:<\/strong><\/p>\n\n\n\n<p>Nuestra empresa se enorgullece de emplear m\u00e9todos vanguardistas que van m\u00e1s all\u00e1 de la mera excavaci\u00f3n. Utilizamos tecnolog\u00edas de \u00faltima generaci\u00f3n para preservar no solo los objetos tangibles, sino tambi\u00e9n las historias intangibles que se esconden en cada sitio. La combinaci\u00f3n de m\u00e9todos arqueol\u00f3gicos y antropol\u00f3gicos nos permite tejer un tapiz completo de la historia.<\/p>\n\n\n\n<p><strong>Colaboraci\u00f3n con Comunidades Locales:<\/strong><\/p>\n\n\n\n<p>No solo somos observadores distantes, sino tambi\u00e9n participantes activos en la preservaci\u00f3n del patrimonio cultural. Colaboramos estrechamente con las comunidades locales, reconociendo que la verdadera comprensi\u00f3n de la historia solo puede lograrse al trabajar en conjunto. Nuestros proyectos no solo desentierran el pasado, sino que tambi\u00e9n contribuyen al presente, fortaleciendo los lazos entre el pasado y el futuro.<\/p>\n\n\n\n<blockquote class=\"wp-block-quote is-layout-flow wp-block-quote-is-layout-flow\">\n<p><\/p>\n<cite>\u201cInvestigar el pasado no es solo desenterrar objetos, sino tambi\u00e9n descubrir historias olvidadas. En cada excavaci\u00f3n, nuestra empresa de arqueolog\u00eda y antropolog\u00eda en Colombia busca no solo restos materiales, sino tambi\u00e9n las voces y susurros de quienes nos precedieron.\u201d<\/cite><\/blockquote>\n\n\n\n<p>En un pa\u00eds lleno de historia y diversidad, la arqueolog\u00eda y la antropolog\u00eda se convierten en herramientas esenciales para comprender nuestro lugar en el tiempo. A medida que desenterramos las huellas de nuestros antepasados, tambi\u00e9n abrimos las puertas a un futuro donde la historia sigue viva en cada descubrimiento.<\/p>\n\n\n\n<p>Te invitamos a explorar m\u00e1s sobre nuestros servicios y proyectos. Descubre c\u00f3mo puedes ser parte de esta emocionante b\u00fasqueda para preservar y comprender el rico patrimonio de Colombia. \u00a1Cont\u00e1ctanos para m\u00e1s informaci\u00f3n!<\/p>\n\t\t\t\t\t\t\t\t<\/div>\n\t\t\t\t<\/div>\n\t\t\t\t<\/div>\n\t\t\t\t<\/div>\n\t\t<\/div>\t\t<\/div>\n\t\t\t\t<\/article>\n\t\t\t\t<article class=\"elementor-post elementor-grid-item post-1627 post type-post status-publish format-standard has-post-thumbnail hentry category-blog\">\n\t\t\t\t<div class=\"elementor-post__text\">\n\t\t\t\t<h3 class=\"elementor-post__title\">\n\t\t\t<a href=\"https:\/\/anthroposcolombia.com\/index.php\/2023\/12\/06\/corredor-verde\/\" >\n\t\t\t\tCorredor Verde\t\t\t<\/a>\n\t\t<\/h3>\n\t\t\t\t<div class=\"elementor-post__meta-data\">\n\t\t\t\t\t<span class=\"elementor-post-date\">\n\t\t\tDecember 6, 2023\t\t<\/span>\n\t\t\t\t<span class=\"elementor-post-avatar\">\n\t\t\t4 Comments\t\t<\/span>\n\t\t\t\t<\/div>\n\t\t\n<blockquote class=\"wp-block-quote is-layout-flow wp-block-quote-is-layout-flow\">\n<p><\/p>\n<cite>La Alcald\u00eda de Bogot\u00e1 deber\u00e1 suspender la licitaci\u00f3n del proyecto que busca construir un carril exclusivo para buses el\u00e9ctricos en una de las v\u00edas m\u00e1s simb\u00f3licas de la ciudad<\/cite><\/blockquote>\n\n\n\n<p>La alcaldesa de Bogot\u00e1, Claudia L\u00f3pez, enfrenta un duro rev\u00e9s judicial a dos meses de terminar su mandato. Un juzgado de la capital orden\u00f3 el mi\u00e9rcoles por la noche que se suspenda&nbsp;<a href=\"https:\/\/elpais.com\/america-colombia\/2023-03-25\/nadie-toca-el-camino-real-de-bogota-la-pelea-por-el-futuro-de-la-avenida-septima.html\">la licitaci\u00f3n del corredor verde en la carrera S\u00e9ptima<\/a>, una de las principales obras de movilidad que la mandataria esperaba dejar encaminada. Para la justicia, el proyecto no puede seguir adelante si contempla la construcci\u00f3n de un carril exclusivo para buses el\u00e9ctricos. La Alcald\u00eda, por su parte, ha lamentado este jueves que la decisi\u00f3n implique la p\u00e9rdida de 79.625 millones de pesos (unos 19 millones de d\u00f3lares) que ya se hab\u00edan utilizado. \u201cToda esa inversi\u00f3n de los impuestos de los bogotanos queda en la basura\u201d, se lee en un comunicado.<\/p>\n\n\n\n<p>La carrera S\u00e9ptima, que enlaza el centro con los barrios pudientes del norte de la ciudad, no es cualquier v\u00eda. Tiene un importante valor simb\u00f3lico y emocional: fue el Camino Real colonial, trazado hace m\u00e1s de 400 a\u00f1os, para conectar con la entonces populosa Tunja. Se ha poblado en sus orillas con universidades, centros comerciales, hospitales y casas que son patrimonio hist\u00f3rico. Hace 20 a\u00f1os se discute c\u00f3mo transformarla para dar soluciones de movilidad a las cuatro o cinco millones de personas que la utilizan cada d\u00eda y que padecen sus trancones. Pero ha habido diferencias respecto a cu\u00e1l alternativa escoger: una troncal de Transmilenio, un tranv\u00eda,&nbsp;<a href=\"https:\/\/elpais.com\/america-colombia\/2023-06-18\/el-metro-de-bogota-el-sueno-que-los-capitalinos-no-quieren-aplazar-mas.html\">un tramo del metro<\/a>; y c\u00f3mo llevarla a cabo. Todas las propuestas de los \u00faltimos cinco alcaldes naufragaron.<\/p>\n\t\t<\/div>\n\t\t\t\t<\/article>\n\t\t\t\t<article class=\"elementor-post elementor-grid-item post-1597 post type-post status-publish format-standard hentry category-blog\">\n\t\t\t\t<div class=\"elementor-post__text\">\n\t\t\t\t<h3 class=\"elementor-post__title\">\n\t\t\t<a href=\"https:\/\/anthroposcolombia.com\/index.php\/2023\/12\/06\/2024-el-ano-de-los-descubrimientos\/\" >\n\t\t\t\t2024 el a\u00f1o de los descubrimientos\t\t\t<\/a>\n\t\t<\/h3>\n\t\t\t\t<div class=\"elementor-post__meta-data\">\n\t\t\t\t\t<span class=\"elementor-post-date\">\n\t\t\tDecember 6, 2023\t\t<\/span>\n\t\t\t\t<span class=\"elementor-post-avatar\">\n\t\t\t3 Comments\t\t<\/span>\n\t\t\t\t<\/div>\n\t\t\t\t<\/div>\n\t\t\t\t<\/article>\n\t\t\t\t<article class=\"elementor-post elementor-grid-item post-1558 post type-post status-publish format-standard hentry category-blog\">\n\t\t\t\t<div class=\"elementor-post__text\">\n\t\t\t\t<h3 class=\"elementor-post__title\">\n\t\t\t<a href=\"https:\/\/anthroposcolombia.com\/index.php\/2023\/12\/06\/otro-tema-para-nuestro-blog\/\" >\n\t\t\t\tOtro tema para nuestro Blog\t\t\t<\/a>\n\t\t<\/h3>\n\t\t\t\t<div class=\"elementor-post__meta-data\">\n\t\t\t\t\t<span class=\"elementor-post-date\">\n\t\t\tDecember 6, 2023\t\t<\/span>\n\t\t\t\t<span class=\"elementor-post-avatar\">\n\t\t\t2 Comments\t\t<\/span>\n\t\t\t\t<\/div>\n\t\t<div class=\"elementor-post__content\"><style>.elementor-1558 .elementor-element.elementor-element-6d5fa53c{--display:flex;--flex-direction:column;--container-widget-width:100%;--container-widget-height:initial;--container-widget-flex-grow:0;--container-widget-align-self:initial;--flex-wrap-mobile:wrap;}.elementor-1558 .elementor-element.elementor-element-25bd6673{--display:flex;--flex-direction:column;--container-widget-width:100%;--container-widget-height:initial;--container-widget-flex-grow:0;--container-widget-align-self:initial;--flex-wrap-mobile:wrap;--justify-content:flex-start;--margin-top:-14%;--margin-bottom:0%;--margin-left:32%;--margin-right:0%;--padding-top:0%;--padding-bottom:2%;--padding-left:0%;--padding-right:0%;}.elementor-1558 .elementor-element.elementor-element-469e0bbe .elementor-heading-title{font-weight:600;font-style:oblique;}.elementor-1558 .elementor-element.elementor-element-88013ec{--display:flex;--flex-direction:column;--container-widget-width:100%;--container-widget-height:initial;--container-widget-flex-grow:0;--container-widget-align-self:initial;--flex-wrap-mobile:wrap;}.elementor-1558 .elementor-element.elementor-element-1811e807 .elementor-icon-list-icon{width:14px;}.elementor-1558 .elementor-element.elementor-element-1811e807 .elementor-icon-list-icon i{font-size:14px;}.elementor-1558 .elementor-element.elementor-element-1811e807 .elementor-icon-list-icon svg{--e-icon-list-icon-size:14px;}@media(min-width:768px){.elementor-1558 .elementor-element.elementor-element-25bd6673{--width:65%;}}<\/style>\t\t<div data-elementor-type=\"wp-post\" data-elementor-id=\"1558\" class=\"elementor elementor-1558\" data-elementor-settings=\"{&quot;ha_cmc_init_switcher&quot;:&quot;no&quot;}\" data-elementor-post-type=\"post\">\n\t\t\t\t<div class=\"elementor-element elementor-element-6d5fa53c e-con-full e-flex e-con e-parent\" data-id=\"6d5fa53c\" data-element_type=\"container\" data-settings=\"{&quot;_ha_eqh_enable&quot;:false}\">\n\t\t\t\t<div class=\"elementor-element elementor-element-117abd8e elementor-widget elementor-widget-image\" data-id=\"117abd8e\" data-element_type=\"widget\" data-widget_type=\"image.default\">\n\t\t\t\t<div class=\"elementor-widget-container\">\n\t\t\t\t\t\t\t\t\t\t\t\t\t\t\t<img decoding=\"async\" src=\"https:\/\/anthroposcolombia.com\/wp-content\/plugins\/elementor\/assets\/images\/placeholder.png\" title=\"\" alt=\"\" loading=\"lazy\" \/>\t\t\t\t\t\t\t\t\t\t\t\t\t\t\t<\/div>\n\t\t\t\t<\/div>\n\t\t\t\t<\/div>\n\t\t<div class=\"elementor-element elementor-element-25bd6673 e-con-full e-flex e-con e-parent\" data-id=\"25bd6673\" data-element_type=\"container\" data-settings=\"{&quot;_ha_eqh_enable&quot;:false}\">\n\t\t\t\t<div class=\"elementor-element elementor-element-469e0bbe elementor-widget elementor-widget-theme-post-title elementor-page-title elementor-widget-heading\" data-id=\"469e0bbe\" data-element_type=\"widget\" data-widget_type=\"theme-post-title.default\">\n\t\t\t\t<div class=\"elementor-widget-container\">\n\t\t\t\t\t<h1 class=\"elementor-heading-title elementor-size-default\">Otro tema para nuestro Blog<\/h1>\t\t\t\t<\/div>\n\t\t\t\t<\/div>\n\t\t\t\t<\/div>\n\t\t<div class=\"elementor-element elementor-element-88013ec e-con-full e-flex e-con e-parent\" data-id=\"88013ec\" data-element_type=\"container\" data-settings=\"{&quot;_ha_eqh_enable&quot;:false}\">\n\t\t\t\t<div class=\"elementor-element elementor-element-377e28b2 elementor-widget elementor-widget-theme-post-title elementor-page-title elementor-widget-heading\" data-id=\"377e28b2\" data-element_type=\"widget\" data-widget_type=\"theme-post-title.default\">\n\t\t\t\t<div class=\"elementor-widget-container\">\n\t\t\t\t\t<h1 class=\"elementor-heading-title elementor-size-default\">Otro tema para nuestro Blog<\/h1>\t\t\t\t<\/div>\n\t\t\t\t<\/div>\n\t\t\t\t<div class=\"elementor-element elementor-element-36f8ccfd elementor-widget elementor-widget-theme-post-content\" data-id=\"36f8ccfd\" data-element_type=\"widget\" data-widget_type=\"theme-post-content.default\">\n\t\t\t\t<div class=\"elementor-widget-container\">\n\t\t\t\t\t\t\t<div data-elementor-type=\"wp-post\" data-elementor-id=\"1558\" class=\"elementor elementor-1558\" data-elementor-settings=\"{&quot;ha_cmc_init_switcher&quot;:&quot;no&quot;}\" data-elementor-post-type=\"post\">\n\t\t\t\t<div class=\"elementor-element elementor-element-6d5fa53c e-con-full e-flex e-con e-parent\" data-id=\"6d5fa53c\" data-element_type=\"container\" data-settings=\"{&quot;_ha_eqh_enable&quot;:false}\">\n\t\t\t\t<div class=\"elementor-element elementor-element-117abd8e elementor-widget elementor-widget-image\" data-id=\"117abd8e\" data-element_type=\"widget\" data-widget_type=\"image.default\">\n\t\t\t\t<div class=\"elementor-widget-container\">\n\t\t\t\t\t\t\t\t\t\t\t\t\t\t\t<img decoding=\"async\" src=\"https:\/\/anthroposcolombia.com\/wp-content\/plugins\/elementor\/assets\/images\/placeholder.png\" title=\"\" alt=\"\" loading=\"lazy\" \/>\t\t\t\t\t\t\t\t\t\t\t\t\t\t\t<\/div>\n\t\t\t\t<\/div>\n\t\t\t\t<\/div>\n\t\t<div class=\"elementor-element elementor-element-25bd6673 e-con-full e-flex e-con e-parent\" data-id=\"25bd6673\" data-element_type=\"container\" data-settings=\"{&quot;_ha_eqh_enable&quot;:false}\">\n\t\t\t\t<div class=\"elementor-element elementor-element-469e0bbe elementor-widget elementor-widget-theme-post-title elementor-page-title elementor-widget-heading\" data-id=\"469e0bbe\" data-element_type=\"widget\" data-widget_type=\"theme-post-title.default\">\n\t\t\t\t<div class=\"elementor-widget-container\">\n\t\t\t\t\t<h1 class=\"elementor-heading-title elementor-size-default\">Otro tema para nuestro Blog<\/h1>\t\t\t\t<\/div>\n\t\t\t\t<\/div>\n\t\t\t\t<\/div>\n\t\t<div class=\"elementor-element elementor-element-88013ec e-con-full e-flex e-con e-parent\" data-id=\"88013ec\" data-element_type=\"container\" data-settings=\"{&quot;_ha_eqh_enable&quot;:false}\">\n\t\t\t\t<div class=\"elementor-element elementor-element-377e28b2 elementor-widget elementor-widget-theme-post-title elementor-page-title elementor-widget-heading\" data-id=\"377e28b2\" data-element_type=\"widget\" data-widget_type=\"theme-post-title.default\">\n\t\t\t\t<div class=\"elementor-widget-container\">\n\t\t\t\t\t<h1 class=\"elementor-heading-title elementor-size-default\">Otro tema para nuestro Blog<\/h1>\t\t\t\t<\/div>\n\t\t\t\t<\/div>\n\t\t\t\t<div class=\"elementor-element elementor-element-3becdb14 elementor-author-box--avatar-yes elementor-author-box--name-yes elementor-author-box--biography-yes elementor-author-box--link-no elementor-widget elementor-widget-author-box\" data-id=\"3becdb14\" data-element_type=\"widget\" data-widget_type=\"author-box.default\">\n\t\t\t\t<div class=\"elementor-widget-container\">\n\t\t\t\t\t\t\t<div class=\"elementor-author-box\">\n\t\t\t\t\t\t\t<div  class=\"elementor-author-box__avatar\">\n\t\t\t\t\t<img decoding=\"async\" src=\"https:\/\/secure.gravatar.com\/avatar\/?s=300&#038;d=mm&#038;r=g\" alt=\"Author picture\" loading=\"lazy\"\/>\n\t\t\t\t<\/div>\n\t\t\t\n\t\t\t<div class=\"elementor-author-box__text\">\n\t\t\t\t\t\t\t\t\t<div>\n\t\t\t\t\t\t<h4 class=\"elementor-author-box__name\">\n\t\t\t\t\t\t\t\t\t\t\t\t\t<\/h4>\n\t\t\t\t\t<\/div>\n\t\t\t\t\n\t\t\t\t\t\t\t\t\t<div class=\"elementor-author-box__bio\">\n\t\t\t\t\t\t\t\t\t\t\t<\/div>\n\t\t\t\t\n\t\t\t\t\t\t\t<\/div>\n\t\t<\/div>\n\t\t\t\t\t\t<\/div>\n\t\t\t\t<\/div>\n\t\t\t\t<div class=\"elementor-element elementor-element-1811e807 elementor-widget elementor-widget-post-info\" data-id=\"1811e807\" data-element_type=\"widget\" data-widget_type=\"post-info.default\">\n\t\t\t\t<div class=\"elementor-widget-container\">\n\t\t\t\t\t\t\t<ul class=\"elementor-inline-items elementor-icon-list-items elementor-post-info\">\n\t\t\t\t\t\t\t\t<li class=\"elementor-icon-list-item elementor-repeater-item-dc8c1cb elementor-inline-item\" itemprop=\"datePublished\">\n\t\t\t\t\t\t<a href=\"https:\/\/anthroposcolombia.com\/index.php\/2023\/12\/06\/\">\n\t\t\t\t\t\t\t\t\t\t\t<span class=\"elementor-icon-list-icon\">\n\t\t\t\t\t\t\t\t<i aria-hidden=\"true\" class=\"fas fa-calendar\"><\/i>\t\t\t\t\t\t\t<\/span>\n\t\t\t\t\t\t\t\t\t<span class=\"elementor-icon-list-text elementor-post-info__item elementor-post-info__item--type-date\">\n\t\t\t\t\t\t\t\t\t\t<time>December 6, 2023<\/time>\t\t\t\t\t<\/span>\n\t\t\t\t\t\t\t\t\t<\/a>\n\t\t\t\t<\/li>\n\t\t\t\t<li class=\"elementor-icon-list-item elementor-repeater-item-63f8e8c elementor-inline-item\">\n\t\t\t\t\t\t\t\t\t\t<span class=\"elementor-icon-list-icon\">\n\t\t\t\t\t\t\t\t<i aria-hidden=\"true\" class=\"far fa-clock\"><\/i>\t\t\t\t\t\t\t<\/span>\n\t\t\t\t\t\t\t\t\t<span class=\"elementor-icon-list-text elementor-post-info__item elementor-post-info__item--type-time\">\n\t\t\t\t\t\t\t\t\t\t<time>2:30 am<\/time>\t\t\t\t\t<\/span>\n\t\t\t\t\t\t\t\t<\/li>\n\t\t\t\t<li class=\"elementor-icon-list-item elementor-repeater-item-e395f0b elementor-inline-item\" itemprop=\"commentCount\">\n\t\t\t\t\t\t<a href=\"https:\/\/anthroposcolombia.com\/index.php\/2023\/12\/06\/otro-tema-para-nuestro-blog\/#comments\">\n\t\t\t\t\t\t\t\t\t\t\t<span class=\"elementor-icon-list-icon\">\n\t\t\t\t\t\t\t\t<i aria-hidden=\"true\" class=\"far fa-comment-dots\"><\/i>\t\t\t\t\t\t\t<\/span>\n\t\t\t\t\t\t\t\t\t<span class=\"elementor-icon-list-text elementor-post-info__item elementor-post-info__item--type-comments\">\n\t\t\t\t\t\t\t\t\t\t2 Comments\t\t\t\t\t<\/span>\n\t\t\t\t\t\t\t\t\t<\/a>\n\t\t\t\t<\/li>\n\t\t\t\t<\/ul>\n\t\t\t\t\t\t<\/div>\n\t\t\t\t<\/div>\n\t\t\t\t<\/div>\n\t\t\t\t<\/div>\n\t\t\t\t\t\t<\/div>\n\t\t\t\t<\/div>\n\t\t\t\t<div class=\"elementor-element elementor-element-3becdb14 elementor-author-box--avatar-yes elementor-author-box--name-yes elementor-author-box--biography-yes elementor-author-box--link-no elementor-widget elementor-widget-author-box\" data-id=\"3becdb14\" data-element_type=\"widget\" data-widget_type=\"author-box.default\">\n\t\t\t\t<div class=\"elementor-widget-container\">\n\t\t\t\t\t\t\t<div class=\"elementor-author-box\">\n\t\t\t\t\t\t\t<div  class=\"elementor-author-box__avatar\">\n\t\t\t\t\t<img decoding=\"async\" src=\"https:\/\/secure.gravatar.com\/avatar\/?s=300&#038;d=mm&#038;r=g\" alt=\"Author picture\" loading=\"lazy\"\/>\n\t\t\t\t<\/div>\n\t\t\t\n\t\t\t<div class=\"elementor-author-box__text\">\n\t\t\t\t\t\t\t\t\t<div>\n\t\t\t\t\t\t<h4 class=\"elementor-author-box__name\">\n\t\t\t\t\t\t\t\t\t\t\t\t\t<\/h4>\n\t\t\t\t\t<\/div>\n\t\t\t\t\n\t\t\t\t\t\t\t\t\t<div class=\"elementor-author-box__bio\">\n\t\t\t\t\t\t\t\t\t\t\t<\/div>\n\t\t\t\t\n\t\t\t\t\t\t\t<\/div>\n\t\t<\/div>\n\t\t\t\t\t\t<\/div>\n\t\t\t\t<\/div>\n\t\t\t\t<div class=\"elementor-element elementor-element-1811e807 elementor-widget elementor-widget-post-info\" data-id=\"1811e807\" data-element_type=\"widget\" data-widget_type=\"post-info.default\">\n\t\t\t\t<div class=\"elementor-widget-container\">\n\t\t\t\t\t\t\t<ul class=\"elementor-inline-items elementor-icon-list-items elementor-post-info\">\n\t\t\t\t\t\t\t\t<li class=\"elementor-icon-list-item elementor-repeater-item-dc8c1cb elementor-inline-item\" itemprop=\"datePublished\">\n\t\t\t\t\t\t<a href=\"https:\/\/anthroposcolombia.com\/index.php\/2023\/12\/06\/\">\n\t\t\t\t\t\t\t\t\t\t\t<span class=\"elementor-icon-list-icon\">\n\t\t\t\t\t\t\t\t<i aria-hidden=\"true\" class=\"fas fa-calendar\"><\/i>\t\t\t\t\t\t\t<\/span>\n\t\t\t\t\t\t\t\t\t<span class=\"elementor-icon-list-text elementor-post-info__item elementor-post-info__item--type-date\">\n\t\t\t\t\t\t\t\t\t\t<time>December 6, 2023<\/time>\t\t\t\t\t<\/span>\n\t\t\t\t\t\t\t\t\t<\/a>\n\t\t\t\t<\/li>\n\t\t\t\t<li class=\"elementor-icon-list-item elementor-repeater-item-63f8e8c elementor-inline-item\">\n\t\t\t\t\t\t\t\t\t\t<span class=\"elementor-icon-list-icon\">\n\t\t\t\t\t\t\t\t<i aria-hidden=\"true\" class=\"far fa-clock\"><\/i>\t\t\t\t\t\t\t<\/span>\n\t\t\t\t\t\t\t\t\t<span class=\"elementor-icon-list-text elementor-post-info__item elementor-post-info__item--type-time\">\n\t\t\t\t\t\t\t\t\t\t<time>2:30 am<\/time>\t\t\t\t\t<\/span>\n\t\t\t\t\t\t\t\t<\/li>\n\t\t\t\t<li class=\"elementor-icon-list-item elementor-repeater-item-e395f0b elementor-inline-item\" itemprop=\"commentCount\">\n\t\t\t\t\t\t<a href=\"https:\/\/anthroposcolombia.com\/index.php\/2023\/12\/06\/otro-tema-para-nuestro-blog\/#comments\">\n\t\t\t\t\t\t\t\t\t\t\t<span class=\"elementor-icon-list-icon\">\n\t\t\t\t\t\t\t\t<i aria-hidden=\"true\" class=\"far fa-comment-dots\"><\/i>\t\t\t\t\t\t\t<\/span>\n\t\t\t\t\t\t\t\t\t<span class=\"elementor-icon-list-text elementor-post-info__item elementor-post-info__item--type-comments\">\n\t\t\t\t\t\t\t\t\t\t2 Comments\t\t\t\t\t<\/span>\n\t\t\t\t\t\t\t\t\t<\/a>\n\t\t\t\t<\/li>\n\t\t\t\t<\/ul>\n\t\t\t\t\t\t<\/div>\n\t\t\t\t<\/div>\n\t\t\t\t<\/div>\n\t\t\t\t<\/div>\n\t\t<\/div>\t\t<\/div>\n\t\t\t\t<\/article>\n\t\t\t\t<\/div>\n\t\t\n\t\t\t\t\t\t<\/div>\n\t\t\t\t<\/div>\n\t\t\t\t<\/div>\n\t\t\t\t<\/div>\n\t\t<div class=\"elementor-element elementor-element-305d5901 e-con-full e-flex e-con e-parent\" data-id=\"305d5901\" data-element_type=\"container\" data-settings=\"{&quot;_ha_eqh_enable&quot;:false}\">\n\t\t\t\t<div class=\"elementor-element elementor-element-46d03a2f elementor-widget elementor-widget-elementskit-page-list\" data-id=\"46d03a2f\" data-element_type=\"widget\" data-widget_type=\"elementskit-page-list.default\">\n\t\t\t\t<div class=\"elementor-widget-container\">\n\t\t\t\t\t<div class=\"ekit-wid-con\" >\t\t<div class=\"elementor-icon-list-items  elementor-inline-items\">\n\t\t\t\t\t\t\t<div class=\"elementor-icon-list-item   \">\n\t\t\t\t\t\t<a class=\"elementor-repeater-item-63ef35c ekit_badge_left\" href=\"https:\/\/anthroposcolombia.com\/index.php\/veamos\/\">\n\t\t\t\t\t\t\t<div class=\"ekit_page_list_content\">\n\t\t\t\t\t\t\t\t\t\t\t\t\t\t\t\t\t<span class=\"elementor-icon-list-icon\">\n\t\t\t\t\t\t\t\t\t\t<i aria-hidden=\"true\" class=\"fas fa-check\"><\/i>\t\t\t\t\t\t\t\t\t<\/span>\n\t\t\t\t\t\t\t\t\t\t\t\t\t\t\t\t<span class=\"elementor-icon-list-text\">\n\t\t\t\t\t\t\t\t\t<span class=\"ekit_page_list_title_title\">Veamos<\/span>\n\t\t\t\t\t\t\t\t\t\t\t\t\t\t\t\t\t<\/span>\n\t\t\t\t\t\t\t<\/div>\n\t\t\t\t\t\t\t\t\t\t\t\t\t<\/a>\n\t\t\t\t\t<\/div>\n\t\t\t\t\t\t\t\t<div class=\"elementor-icon-list-item   \">\n\t\t\t\t\t\t<a class=\"elementor-repeater-item-5c7ecd6 ekit_badge_left\" href=\"https:\/\/anthroposcolombia.com\/index.php\/quienes-semos\/\">\n\t\t\t\t\t\t\t<div class=\"ekit_page_list_content\">\n\t\t\t\t\t\t\t\t\t\t\t\t\t\t\t\t\t<span class=\"elementor-icon-list-icon\">\n\t\t\t\t\t\t\t\t\t\t<i aria-hidden=\"true\" class=\"fas fa-chart-pie\"><\/i>\t\t\t\t\t\t\t\t\t<\/span>\n\t\t\t\t\t\t\t\t\t\t\t\t\t\t\t\t<span class=\"elementor-icon-list-text\">\n\t\t\t\t\t\t\t\t\t<span class=\"ekit_page_list_title_title\">Qui\u00e9nes somos?<\/span>\n\t\t\t\t\t\t\t\t\t\t\t\t\t\t\t\t\t<\/span>\n\t\t\t\t\t\t\t<\/div>\n\t\t\t\t\t\t\t\t\t\t\t\t\t<\/a>\n\t\t\t\t\t<\/div>\n\t\t\t\t\t\t<\/div>\n\t\t<\/div>\t\t\t\t<\/div>\n\t\t\t\t<\/div>\n\t\t\t\t<\/div>\n\t\t<div class=\"elementor-element elementor-element-59b426e3 e-con-full e-flex e-con e-parent\" data-id=\"59b426e3\" data-element_type=\"container\" data-settings=\"{&quot;_ha_eqh_enable&quot;:false}\">\n\t\t\t\t<div class=\"elementor-element elementor-element-136e00ca elementor-headline--style-highlight elementor-widget elementor-widget-animated-headline\" data-id=\"136e00ca\" data-element_type=\"widget\" data-settings=\"{&quot;highlighted_text&quot;:&quot;Calidad&quot;,&quot;headline_style&quot;:&quot;highlight&quot;,&quot;marker&quot;:&quot;circle&quot;,&quot;loop&quot;:&quot;yes&quot;,&quot;highlight_animation_duration&quot;:1200,&quot;highlight_iteration_delay&quot;:8000}\" data-widget_type=\"animated-headline.default\">\n\t\t\t\t<div class=\"elementor-widget-container\">\n\t\t\t\t\t\t\t<h3 class=\"elementor-headline\">\n\t\t\t\t\t<span class=\"elementor-headline-plain-text elementor-headline-text-wrapper\">Pol\u00edtica de<\/span>\n\t\t\t\t<span class=\"elementor-headline-dynamic-wrapper elementor-headline-text-wrapper\">\n\t\t\t\t\t<span class=\"elementor-headline-dynamic-text elementor-headline-text-active\">Calidad<\/span>\n\t\t\t\t<\/span>\n\t\t\t\t<\/h3>\n\t\t\t\t\t\t<\/div>\n\t\t\t\t<\/div>\n\t\t\t\t<\/div>\n\t\t<div class=\"elementor-element elementor-element-2733c52 e-flex e-con-boxed e-con e-parent\" data-id=\"2733c52\" data-element_type=\"container\" data-settings=\"{&quot;_ha_eqh_enable&quot;:false}\">\n\t\t\t\t\t<div class=\"e-con-inner\">\n\t\t<div class=\"elementor-element elementor-element-671a1220 e-con-full e-flex e-con e-child\" data-id=\"671a1220\" data-element_type=\"container\" data-settings=\"{&quot;_ha_eqh_enable&quot;:false}\">\n\t\t\t\t<div class=\"elementor-element elementor-element-3c1f1f39 elementor-icon-list--layout-traditional elementor-list-item-link-full_width elementor-widget elementor-widget-icon-list\" data-id=\"3c1f1f39\" data-element_type=\"widget\" data-widget_type=\"icon-list.default\">\n\t\t\t\t<div class=\"elementor-widget-container\">\n\t\t\t\t\t\t\t<ul class=\"elementor-icon-list-items\">\n\t\t\t\t\t\t\t<li class=\"elementor-icon-list-item\">\n\t\t\t\t\t\t\t\t\t\t\t<span class=\"elementor-icon-list-icon\">\n\t\t\t\t\t\t\t<i aria-hidden=\"true\" class=\"fas fa-hand-holding-medical\"><\/i>\t\t\t\t\t\t<\/span>\n\t\t\t\t\t\t\t\t\t\t<span class=\"elementor-icon-list-text\">Protecci\u00f3n de la salud<\/span>\n\t\t\t\t\t\t\t\t\t<\/li>\n\t\t\t\t\t\t\t\t<li class=\"elementor-icon-list-item\">\n\t\t\t\t\t\t\t\t\t\t\t<span class=\"elementor-icon-list-icon\">\n\t\t\t\t\t\t\t<i aria-hidden=\"true\" class=\"fas fa-leaf\"><\/i>\t\t\t\t\t\t<\/span>\n\t\t\t\t\t\t\t\t\t\t<span class=\"elementor-icon-list-text\">Sostenibilidad Ambiental<\/span>\n\t\t\t\t\t\t\t\t\t<\/li>\n\t\t\t\t\t\t\t\t<li class=\"elementor-icon-list-item\">\n\t\t\t\t\t\t\t\t\t\t\t<span class=\"elementor-icon-list-icon\">\n\t\t\t\t\t\t\t<i aria-hidden=\"true\" class=\"fas fa-medal\"><\/i>\t\t\t\t\t\t<\/span>\n\t\t\t\t\t\t\t\t\t\t<span class=\"elementor-icon-list-text\">Calidad del servicio<\/span>\n\t\t\t\t\t\t\t\t\t<\/li>\n\t\t\t\t\t\t\t\t<li class=\"elementor-icon-list-item\">\n\t\t\t\t\t\t\t\t\t\t\t<span class=\"elementor-icon-list-icon\">\n\t\t\t\t\t\t\t<i aria-hidden=\"true\" class=\"icon icon-warning\"><\/i>\t\t\t\t\t\t<\/span>\n\t\t\t\t\t\t\t\t\t\t<span class=\"elementor-icon-list-text\">Prevenci\u00f3n de incidentes, accidentes y enfermedades laborales<\/span>\n\t\t\t\t\t\t\t\t\t<\/li>\n\t\t\t\t\t\t<\/ul>\n\t\t\t\t\t\t<\/div>\n\t\t\t\t<\/div>\n\t\t\t\t<\/div>\n\t\t<div class=\"elementor-element elementor-element-5d68d261 e-con-full e-flex e-con e-child\" data-id=\"5d68d261\" data-element_type=\"container\" data-settings=\"{&quot;_ha_eqh_enable&quot;:false}\">\n\t\t\t\t<div class=\"elementor-element elementor-element-52287380 elementor-icon-list--layout-traditional elementor-list-item-link-full_width elementor-widget elementor-widget-icon-list\" data-id=\"52287380\" data-element_type=\"widget\" data-widget_type=\"icon-list.default\">\n\t\t\t\t<div class=\"elementor-widget-container\">\n\t\t\t\t\t\t\t<ul class=\"elementor-icon-list-items\">\n\t\t\t\t\t\t\t<li class=\"elementor-icon-list-item\">\n\t\t\t\t\t\t\t\t\t\t\t<span class=\"elementor-icon-list-icon\">\n\t\t\t\t\t\t\t<i aria-hidden=\"true\" class=\"fas fa-check-double\"><\/i>\t\t\t\t\t\t<\/span>\n\t\t\t\t\t\t\t\t\t\t<span class=\"elementor-icon-list-text\">Mejoramiento continuo<\/span>\n\t\t\t\t\t\t\t\t\t<\/li>\n\t\t\t\t\t\t\t\t<li class=\"elementor-icon-list-item\">\n\t\t\t\t\t\t\t\t\t\t\t<span class=\"elementor-icon-list-icon\">\n\t\t\t\t\t\t\t<i aria-hidden=\"true\" class=\"fas fa-head-side-virus\"><\/i>\t\t\t\t\t\t<\/span>\n\t\t\t\t\t\t\t\t\t\t<span class=\"elementor-icon-list-text\">Identificaci\u00f3n, valoraci\u00f3n y control de riesgos<\/span>\n\t\t\t\t\t\t\t\t\t<\/li>\n\t\t\t\t\t\t\t\t<li class=\"elementor-icon-list-item\">\n\t\t\t\t\t\t\t\t\t\t\t<span class=\"elementor-icon-list-icon\">\n\t\t\t\t\t\t\t<i aria-hidden=\"true\" class=\"fas fa-balance-scale\"><\/i>\t\t\t\t\t\t<\/span>\n\t\t\t\t\t\t\t\t\t\t<span class=\"elementor-icon-list-text\">Cumplimento legal y contractual<\/span>\n\t\t\t\t\t\t\t\t\t<\/li>\n\t\t\t\t\t\t\t\t<li class=\"elementor-icon-list-item\">\n\t\t\t\t\t\t\t\t\t\t\t<span class=\"elementor-icon-list-icon\">\n\t\t\t\t\t\t\t<i aria-hidden=\"true\" class=\"far fa-smile\"><\/i>\t\t\t\t\t\t<\/span>\n\t\t\t\t\t\t\t\t\t\t<span class=\"elementor-icon-list-text\">List Item<\/span>\n\t\t\t\t\t\t\t\t\t<\/li>\n\t\t\t\t\t\t<\/ul>\n\t\t\t\t\t\t<\/div>\n\t\t\t\t<\/div>\n\t\t\t\t<\/div>\n\t\t\t\t\t<\/div>\n\t\t\t\t<\/div>\n\t\t<div class=\"elementor-element elementor-element-30908989 e-flex e-con-boxed e-con e-parent\" data-id=\"30908989\" data-element_type=\"container\" data-settings=\"{&quot;_ha_eqh_enable&quot;:false}\">\n\t\t\t\t\t<div class=\"e-con-inner\">\n\t\t\t\t\t<\/div>\n\t\t\t\t<\/div>\n\t\t\t\t<\/div>\n\t\t","protected":false},"excerpt":{"rendered":"<p>Programa de Arqueolog\u00eda Preventiva \u00bfQu\u00e9 Ofrecemos?\u00a0Identificamos el potencial arqueol\u00f3gico de tu proyecto, garantizando que cumple con las normas vigentes. Esto previene sanciones y asegura un flujo de trabajo sin contratiempos.\u00a0Nuestro Compromiso\u00a0Con precios competitivos y una s\u00f3lida trayectoria en proyectos de diversa envergadura, te ofrecemos un servicio integral, adaptado a tus plazos, lo que significa que [&hellip;]<\/p>\n","protected":false},"author":0,"featured_media":0,"parent":0,"menu_order":0,"comment_status":"closed","ping_status":"closed","template":"elementor_canvas","meta":{"footnotes":""},"class_list":["post-528","page","type-page","status-publish","hentry"],"rttpg_featured_image_url":null,"rttpg_author":{"display_name":"","author_link":"https:\/\/anthroposcolombia.com\/index.php\/author\/"},"rttpg_comment":0,"rttpg_category":"","rttpg_excerpt":"Programa de Arqueolog\u00eda Preventiva \u00bfQu\u00e9 Ofrecemos?\u00a0Identificamos el potencial arqueol\u00f3gico de tu proyecto, garantizando que cumple con las normas vigentes. Esto previene sanciones y asegura un flujo de trabajo sin contratiempos.\u00a0Nuestro Compromiso\u00a0Con precios competitivos y una s\u00f3lida trayectoria en proyectos de diversa envergadura, te ofrecemos un servicio integral, adaptado a tus plazos, lo que significa que&hellip;","_links":{"self":[{"href":"https:\/\/anthroposcolombia.com\/index.php\/wp-json\/wp\/v2\/pages\/528","targetHints":{"allow":["GET"]}}],"collection":[{"href":"https:\/\/anthroposcolombia.com\/index.php\/wp-json\/wp\/v2\/pages"}],"about":[{"href":"https:\/\/anthroposcolombia.com\/index.php\/wp-json\/wp\/v2\/types\/page"}],"replies":[{"embeddable":true,"href":"https:\/\/anthroposcolombia.com\/index.php\/wp-json\/wp\/v2\/comments?post=528"}],"version-history":[{"count":4,"href":"https:\/\/anthroposcolombia.com\/index.php\/wp-json\/wp\/v2\/pages\/528\/revisions"}],"predecessor-version":[{"id":534,"href":"https:\/\/anthroposcolombia.com\/index.php\/wp-json\/wp\/v2\/pages\/528\/revisions\/534"}],"wp:attachment":[{"href":"https:\/\/anthroposcolombia.com\/index.php\/wp-json\/wp\/v2\/media?parent=528"}],"curies":[{"name":"wp","href":"https:\/\/api.w.org\/{rel}","templated":true}]}}